{"version":"1.0","provider_name":"El Diario de Tucuman","provider_url":"https:\/\/www.eldiariodetucuman.com\/web","title":"The Economist augur\u00f3 la reelecci\u00f3n de Mauricio Macri - El Diario de Tucuman","type":"rich","width":600,"height":338,"html":"<blockquote class=\"wp-embedded-content\" data-secret=\"SRhJ8jiTsD\"><a href=\"https:\/\/www.eldiariodetucuman.com\/web\/the-economist-auguro-la-reeleccion-de-mauricio-macri\/\">The Economist augur\u00f3 la reelecci\u00f3n de Mauricio Macri<\/a><\/blockquote><iframe sandbox=\"allow-scripts\" security=\"restricted\" src=\"https:\/\/www.eldiariodetucuman.com\/web\/the-economist-auguro-la-reeleccion-de-mauricio-macri\/embed\/#?secret=SRhJ8jiTsD\" width=\"600\" height=\"338\" title=\"\u00abThe Economist augur\u00f3 la reelecci\u00f3n de Mauricio Macri\u00bb \u2014 El Diario de Tucuman\" data-secret=\"SRhJ8jiTsD\" frameborder=\"0\" marginwidth=\"0\" marginheight=\"0\" scrolling=\"no\" class=\"wp-embedded-content\"><\/iframe><script type=\"text\/javascript\">\n\/* <![CDATA[ *\/\n\/*! This file is auto-generated *\/\n!function(d,l){\"use strict\";l.querySelector&&d.addEventListener&&\"undefined\"!=typeof URL&&(d.wp=d.wp||{},d.wp.receiveEmbedMessage||(d.wp.receiveEmbedMessage=function(e){var t=e.data;if((t||t.secret||t.message||t.value)&&!\/[^a-zA-Z0-9]\/.test(t.secret)){for(var s,r,n,a=l.querySelectorAll('iframe[data-secret=\"'+t.secret+'\"]'),o=l.querySelectorAll('blockquote[data-secret=\"'+t.secret+'\"]'),c=new RegExp(\"^https?:$\",\"i\"),i=0;i<o.length;i++)o[i].style.display=\"none\";for(i=0;i<a.length;i++)s=a[i],e.source===s.contentWindow&&(s.removeAttribute(\"style\"),\"height\"===t.message?(1e3<(r=parseInt(t.value,10))?r=1e3:~~r<200&&(r=200),s.height=r):\"link\"===t.message&&(r=new URL(s.getAttribute(\"src\")),n=new URL(t.value),c.test(n.protocol))&&n.host===r.host&&l.activeElement===s&&(d.top.location.href=t.value))}},d.addEventListener(\"message\",d.wp.receiveEmbedMessage,!1),l.addEventListener(\"DOMContentLoaded\",function(){for(var e,t,s=l.querySelectorAll(\"iframe.wp-embedded-content\"),r=0;r<s.length;r++)(t=(e=s[r]).getAttribute(\"data-secret\"))||(t=Math.random().toString(36).substring(2,12),e.src+=\"#?secret=\"+t,e.setAttribute(\"data-secret\",t)),e.contentWindow.postMessage({message:\"ready\",secret:t},\"*\")},!1)))}(window,document);\n\/\/# sourceURL=https:\/\/www.eldiariodetucuman.com\/web\/wp-includes\/js\/wp-embed.min.js\n\/* ]]> *\/\n<\/script>\n","thumbnail_url":"https:\/\/www.eldiariodetucuman.com\/web\/wp-content\/uploads\/2018\/03\/939e9cefea72b94b47e0e2e120f084db.jpeg","thumbnail_width":960,"thumbnail_height":540,"description":"Seg\u00fan la especialista\u00a0Fiona Mackie, del reconocido semanario brit\u00e1nico The Economist, Mauricio Macri ser\u00e1 reelecto gracias al crecimiento econ\u00f3mico que se registrar\u00e1 hasta 2019. En ese sentido, asegur\u00f3 que habr\u00e1 una\u00a0evoluci\u00f3n favorable en varios indicadores econ\u00f3micos clave, tales como la inflaci\u00f3n y el aumento del PBI, al cual ubic\u00f3 con una suba del\u00a03%. Incluso destac\u00f3 que [&hellip;]"}