{"version":"1.0","provider_name":"El Diario de Tucuman","provider_url":"https:\/\/www.eldiariodetucuman.com\/web","title":"Luis Miguel regresar\u00e1 este a\u00f1o a nuestra provincia - El Diario de Tucuman","type":"rich","width":600,"height":338,"html":"<blockquote class=\"wp-embedded-content\" data-secret=\"RUf5UQtpAF\"><a href=\"https:\/\/www.eldiariodetucuman.com\/web\/luis-miguel-regresara-este-ano-a-nuestra-provincia\/\">Luis Miguel regresar\u00e1 este a\u00f1o a nuestra provincia<\/a><\/blockquote><iframe sandbox=\"allow-scripts\" security=\"restricted\" src=\"https:\/\/www.eldiariodetucuman.com\/web\/luis-miguel-regresara-este-ano-a-nuestra-provincia\/embed\/#?secret=RUf5UQtpAF\" width=\"600\" height=\"338\" title=\"\u00abLuis Miguel regresar\u00e1 este a\u00f1o a nuestra provincia\u00bb \u2014 El Diario de Tucuman\" data-secret=\"RUf5UQtpAF\" frameborder=\"0\" marginwidth=\"0\" marginheight=\"0\" scrolling=\"no\" class=\"wp-embedded-content\"><\/iframe><script type=\"text\/javascript\">\n\/* <![CDATA[ *\/\n\/*! This file is auto-generated *\/\n!function(d,l){\"use strict\";l.querySelector&&d.addEventListener&&\"undefined\"!=typeof URL&&(d.wp=d.wp||{},d.wp.receiveEmbedMessage||(d.wp.receiveEmbedMessage=function(e){var t=e.data;if((t||t.secret||t.message||t.value)&&!\/[^a-zA-Z0-9]\/.test(t.secret)){for(var s,r,n,a=l.querySelectorAll('iframe[data-secret=\"'+t.secret+'\"]'),o=l.querySelectorAll('blockquote[data-secret=\"'+t.secret+'\"]'),c=new RegExp(\"^https?:$\",\"i\"),i=0;i<o.length;i++)o[i].style.display=\"none\";for(i=0;i<a.length;i++)s=a[i],e.source===s.contentWindow&&(s.removeAttribute(\"style\"),\"height\"===t.message?(1e3<(r=parseInt(t.value,10))?r=1e3:~~r<200&&(r=200),s.height=r):\"link\"===t.message&&(r=new URL(s.getAttribute(\"src\")),n=new URL(t.value),c.test(n.protocol))&&n.host===r.host&&l.activeElement===s&&(d.top.location.href=t.value))}},d.addEventListener(\"message\",d.wp.receiveEmbedMessage,!1),l.addEventListener(\"DOMContentLoaded\",function(){for(var e,t,s=l.querySelectorAll(\"iframe.wp-embedded-content\"),r=0;r<s.length;r++)(t=(e=s[r]).getAttribute(\"data-secret\"))||(t=Math.random().toString(36).substring(2,12),e.src+=\"#?secret=\"+t,e.setAttribute(\"data-secret\",t)),e.contentWindow.postMessage({message:\"ready\",secret:t},\"*\")},!1)))}(window,document);\n\/\/# sourceURL=https:\/\/www.eldiariodetucuman.com\/web\/wp-includes\/js\/wp-embed.min.js\n\/* ]]> *\/\n<\/script>\n","thumbnail_url":"https:\/\/www.eldiariodetucuman.com\/web\/wp-content\/uploads\/2018\/02\/c7ff4deed9ecf9031314a064f2b54e29.jpeg","thumbnail_width":720,"thumbnail_height":720,"description":"Luis Miguel volvi\u00f3 a los escenarios y su regreso no pas\u00f3 desapercibido. Luego de casi tres a\u00f1os, el cantante mexicano brind\u00f3 el primer recital de su gira \u201cM\u00e9xico por siempre\u201d el mi\u00e9rcoles pasado, en el Auditorio Nacional de Ciudad de M\u00e9xico. Asistieron 10.000 personas que lo vitorearon y cantaron al lado de su \u00eddolo canciones [&hellip;]"}