{"version":"1.0","provider_name":"El Diario de Tucuman","provider_url":"https:\/\/www.eldiariodetucuman.com\/web","title":"\u201cEstoy en contra del aborto\u201d, asever\u00f3 el Gobernador - El Diario de Tucuman","type":"rich","width":600,"height":338,"html":"<blockquote class=\"wp-embedded-content\" data-secret=\"a4j38P8zCC\"><a href=\"https:\/\/www.eldiariodetucuman.com\/web\/estoy-en-contra-del-aborto-asevero-el-gobernador\/\">\u201cEstoy en contra del aborto\u201d, asever\u00f3 el Gobernador<\/a><\/blockquote><iframe sandbox=\"allow-scripts\" security=\"restricted\" src=\"https:\/\/www.eldiariodetucuman.com\/web\/estoy-en-contra-del-aborto-asevero-el-gobernador\/embed\/#?secret=a4j38P8zCC\" width=\"600\" height=\"338\" title=\"\u00ab\u201cEstoy en contra del aborto\u201d, asever\u00f3 el Gobernador\u00bb \u2014 El Diario de Tucuman\" data-secret=\"a4j38P8zCC\" frameborder=\"0\" marginwidth=\"0\" marginheight=\"0\" scrolling=\"no\" class=\"wp-embedded-content\"><\/iframe><script type=\"text\/javascript\">\n\/* <![CDATA[ *\/\n\/*! This file is auto-generated *\/\n!function(d,l){\"use strict\";l.querySelector&&d.addEventListener&&\"undefined\"!=typeof URL&&(d.wp=d.wp||{},d.wp.receiveEmbedMessage||(d.wp.receiveEmbedMessage=function(e){var t=e.data;if((t||t.secret||t.message||t.value)&&!\/[^a-zA-Z0-9]\/.test(t.secret)){for(var s,r,n,a=l.querySelectorAll('iframe[data-secret=\"'+t.secret+'\"]'),o=l.querySelectorAll('blockquote[data-secret=\"'+t.secret+'\"]'),c=new RegExp(\"^https?:$\",\"i\"),i=0;i<o.length;i++)o[i].style.display=\"none\";for(i=0;i<a.length;i++)s=a[i],e.source===s.contentWindow&&(s.removeAttribute(\"style\"),\"height\"===t.message?(1e3<(r=parseInt(t.value,10))?r=1e3:~~r<200&&(r=200),s.height=r):\"link\"===t.message&&(r=new URL(s.getAttribute(\"src\")),n=new URL(t.value),c.test(n.protocol))&&n.host===r.host&&l.activeElement===s&&(d.top.location.href=t.value))}},d.addEventListener(\"message\",d.wp.receiveEmbedMessage,!1),l.addEventListener(\"DOMContentLoaded\",function(){for(var e,t,s=l.querySelectorAll(\"iframe.wp-embedded-content\"),r=0;r<s.length;r++)(t=(e=s[r]).getAttribute(\"data-secret\"))||(t=Math.random().toString(36).substring(2,12),e.src+=\"#?secret=\"+t,e.setAttribute(\"data-secret\",t)),e.contentWindow.postMessage({message:\"ready\",secret:t},\"*\")},!1)))}(window,document);\n\/\/# sourceURL=https:\/\/www.eldiariodetucuman.com\/web\/wp-includes\/js\/wp-embed.min.js\n\/* ]]> *\/\n<\/script>\n","thumbnail_url":"https:\/\/www.eldiariodetucuman.com\/web\/wp-content\/uploads\/2018\/02\/c3180d75922daf74376690d7ea8ed464.jpeg","thumbnail_width":300,"thumbnail_height":166,"description":"El gobernador, Juan Manzur, sent\u00f3 su posici\u00f3n respecto del debate del proyecto de ley por el aborto, en di\u00e1logo con el diario La Gaceta. En ese aspecto, el Primer Mandatario tucumano se manifest\u00f3 en favor de la vida y adelant\u00f3 que pedir\u00e1 a los parlamentarios que representan a Tucum\u00e1n en el Congreso que voten en [&hellip;]"}