{"version":"1.0","provider_name":"El Diario de Tucuman","provider_url":"https:\/\/www.eldiariodetucuman.com\/web","title":"Elevan a juicio una causa por asociaci\u00f3n il\u00edcita - El Diario de Tucuman","type":"rich","width":600,"height":338,"html":"<blockquote class=\"wp-embedded-content\" data-secret=\"06k7GBC6um\"><a href=\"https:\/\/www.eldiariodetucuman.com\/web\/elevan-a-juicio-una-causa-por-asociacion-ilicita\/\">Elevan a juicio una causa por asociaci\u00f3n il\u00edcita<\/a><\/blockquote><iframe sandbox=\"allow-scripts\" security=\"restricted\" src=\"https:\/\/www.eldiariodetucuman.com\/web\/elevan-a-juicio-una-causa-por-asociacion-ilicita\/embed\/#?secret=06k7GBC6um\" width=\"600\" height=\"338\" title=\"\u00abElevan a juicio una causa por asociaci\u00f3n il\u00edcita\u00bb \u2014 El Diario de Tucuman\" data-secret=\"06k7GBC6um\" frameborder=\"0\" marginwidth=\"0\" marginheight=\"0\" scrolling=\"no\" class=\"wp-embedded-content\"><\/iframe><script type=\"text\/javascript\">\n\/* <![CDATA[ *\/\n\/*! This file is auto-generated *\/\n!function(d,l){\"use strict\";l.querySelector&&d.addEventListener&&\"undefined\"!=typeof URL&&(d.wp=d.wp||{},d.wp.receiveEmbedMessage||(d.wp.receiveEmbedMessage=function(e){var t=e.data;if((t||t.secret||t.message||t.value)&&!\/[^a-zA-Z0-9]\/.test(t.secret)){for(var s,r,n,a=l.querySelectorAll('iframe[data-secret=\"'+t.secret+'\"]'),o=l.querySelectorAll('blockquote[data-secret=\"'+t.secret+'\"]'),c=new RegExp(\"^https?:$\",\"i\"),i=0;i<o.length;i++)o[i].style.display=\"none\";for(i=0;i<a.length;i++)s=a[i],e.source===s.contentWindow&&(s.removeAttribute(\"style\"),\"height\"===t.message?(1e3<(r=parseInt(t.value,10))?r=1e3:~~r<200&&(r=200),s.height=r):\"link\"===t.message&&(r=new URL(s.getAttribute(\"src\")),n=new URL(t.value),c.test(n.protocol))&&n.host===r.host&&l.activeElement===s&&(d.top.location.href=t.value))}},d.addEventListener(\"message\",d.wp.receiveEmbedMessage,!1),l.addEventListener(\"DOMContentLoaded\",function(){for(var e,t,s=l.querySelectorAll(\"iframe.wp-embedded-content\"),r=0;r<s.length;r++)(t=(e=s[r]).getAttribute(\"data-secret\"))||(t=Math.random().toString(36).substring(2,12),e.src+=\"#?secret=\"+t,e.setAttribute(\"data-secret\",t)),e.contentWindow.postMessage({message:\"ready\",secret:t},\"*\")},!1)))}(window,document);\n\/\/# sourceURL=https:\/\/www.eldiariodetucuman.com\/web\/wp-includes\/js\/wp-embed.min.js\n\/* ]]> *\/\n<\/script>\n","thumbnail_url":"https:\/\/www.eldiariodetucuman.com\/web\/wp-content\/uploads\/2018\/03\/4fbe17a746f0d846f3837d583e2db7b2.jpeg","thumbnail_width":960,"thumbnail_height":660,"description":"Se complica a\u00fan m\u00e1s la situaci\u00f3n judicial de la ex presidenta Cristina Fern\u00e1ndez de Kirchner, que deber\u00e1 rendir cuentas ante la Justicia por una causa por asociaci\u00f3n il\u00edcita.\u00a0 En ese sentido, el juez Juli\u00e1n Ercolini elev\u00f3 hoy a juicio oral la investigaci\u00f3n, en la que tambi\u00e9n se encuentran Julio De Vido y L\u00e1zaro B\u00e1ez, por [&hellip;]"}