{"version":"1.0","provider_name":"El Diario de Tucuman","provider_url":"https:\/\/www.eldiariodetucuman.com\/web","title":"El milagro dentro de la tragedia a\u00e9rea - El Diario de Tucuman","type":"rich","width":600,"height":338,"html":"<blockquote class=\"wp-embedded-content\" data-secret=\"tjhhxQ1HpP\"><a href=\"https:\/\/www.eldiariodetucuman.com\/web\/el-milagro-dentro-de-la-tragedia-aerea\/\">El milagro dentro de la tragedia a\u00e9rea<\/a><\/blockquote><iframe sandbox=\"allow-scripts\" security=\"restricted\" src=\"https:\/\/www.eldiariodetucuman.com\/web\/el-milagro-dentro-de-la-tragedia-aerea\/embed\/#?secret=tjhhxQ1HpP\" width=\"600\" height=\"338\" title=\"\u00abEl milagro dentro de la tragedia a\u00e9rea\u00bb \u2014 El Diario de Tucuman\" data-secret=\"tjhhxQ1HpP\" frameborder=\"0\" marginwidth=\"0\" marginheight=\"0\" scrolling=\"no\" class=\"wp-embedded-content\"><\/iframe><script type=\"text\/javascript\">\n\/* <![CDATA[ *\/\n\/*! This file is auto-generated *\/\n!function(d,l){\"use strict\";l.querySelector&&d.addEventListener&&\"undefined\"!=typeof URL&&(d.wp=d.wp||{},d.wp.receiveEmbedMessage||(d.wp.receiveEmbedMessage=function(e){var t=e.data;if((t||t.secret||t.message||t.value)&&!\/[^a-zA-Z0-9]\/.test(t.secret)){for(var s,r,n,a=l.querySelectorAll('iframe[data-secret=\"'+t.secret+'\"]'),o=l.querySelectorAll('blockquote[data-secret=\"'+t.secret+'\"]'),c=new RegExp(\"^https?:$\",\"i\"),i=0;i<o.length;i++)o[i].style.display=\"none\";for(i=0;i<a.length;i++)s=a[i],e.source===s.contentWindow&&(s.removeAttribute(\"style\"),\"height\"===t.message?(1e3<(r=parseInt(t.value,10))?r=1e3:~~r<200&&(r=200),s.height=r):\"link\"===t.message&&(r=new URL(s.getAttribute(\"src\")),n=new URL(t.value),c.test(n.protocol))&&n.host===r.host&&l.activeElement===s&&(d.top.location.href=t.value))}},d.addEventListener(\"message\",d.wp.receiveEmbedMessage,!1),l.addEventListener(\"DOMContentLoaded\",function(){for(var e,t,s=l.querySelectorAll(\"iframe.wp-embedded-content\"),r=0;r<s.length;r++)(t=(e=s[r]).getAttribute(\"data-secret\"))||(t=Math.random().toString(36).substring(2,12),e.src+=\"#?secret=\"+t,e.setAttribute(\"data-secret\",t)),e.contentWindow.postMessage({message:\"ready\",secret:t},\"*\")},!1)))}(window,document);\n\/\/# sourceURL=https:\/\/www.eldiariodetucuman.com\/web\/wp-includes\/js\/wp-embed.min.js\n\/* ]]> *\/\n<\/script>\n","thumbnail_url":"https:\/\/www.eldiariodetucuman.com\/web\/wp-content\/uploads\/2018\/02\/a1fb8375d954b5631c8c932fd154506c.jpeg","thumbnail_width":970,"thumbnail_height":546,"description":"El destino le dio una nueva vida a un pasajero, cuya identidad\u00a0se mantiene reservada, tras no abordar el avi\u00f3n de Aseman Airlines\u00a0que viajaba desde la capital de la\u00a0Rep\u00fablica Isl\u00e1mica de Ir\u00e1n\u00a0hacia la ciudad suroccidental de Yasuj.\u00a0 La aeronave, que despeg\u00f3 a las 7:55 a.m. hora local, se estrell\u00f3 en la villa de Kohangan, a 120 [&hellip;]"}