{"version":"1.0","provider_name":"El Diario de Tucuman","provider_url":"https:\/\/www.eldiariodetucuman.com\/web","title":"Defensores del Pueblo se re\u00fanen con Aranguren - El Diario de Tucuman","type":"rich","width":600,"height":338,"html":"<blockquote class=\"wp-embedded-content\" data-secret=\"UrD67BCNkl\"><a href=\"https:\/\/www.eldiariodetucuman.com\/web\/defensores-del-pueblo-se-reunen-con-aranguren\/\">Defensores del Pueblo se re\u00fanen con Aranguren<\/a><\/blockquote><iframe sandbox=\"allow-scripts\" security=\"restricted\" src=\"https:\/\/www.eldiariodetucuman.com\/web\/defensores-del-pueblo-se-reunen-con-aranguren\/embed\/#?secret=UrD67BCNkl\" width=\"600\" height=\"338\" title=\"\u00abDefensores del Pueblo se re\u00fanen con Aranguren\u00bb \u2014 El Diario de Tucuman\" data-secret=\"UrD67BCNkl\" frameborder=\"0\" marginwidth=\"0\" marginheight=\"0\" scrolling=\"no\" class=\"wp-embedded-content\"><\/iframe><script type=\"text\/javascript\">\n\/* <![CDATA[ *\/\n\/*! This file is auto-generated *\/\n!function(d,l){\"use strict\";l.querySelector&&d.addEventListener&&\"undefined\"!=typeof URL&&(d.wp=d.wp||{},d.wp.receiveEmbedMessage||(d.wp.receiveEmbedMessage=function(e){var t=e.data;if((t||t.secret||t.message||t.value)&&!\/[^a-zA-Z0-9]\/.test(t.secret)){for(var s,r,n,a=l.querySelectorAll('iframe[data-secret=\"'+t.secret+'\"]'),o=l.querySelectorAll('blockquote[data-secret=\"'+t.secret+'\"]'),c=new RegExp(\"^https?:$\",\"i\"),i=0;i<o.length;i++)o[i].style.display=\"none\";for(i=0;i<a.length;i++)s=a[i],e.source===s.contentWindow&&(s.removeAttribute(\"style\"),\"height\"===t.message?(1e3<(r=parseInt(t.value,10))?r=1e3:~~r<200&&(r=200),s.height=r):\"link\"===t.message&&(r=new URL(s.getAttribute(\"src\")),n=new URL(t.value),c.test(n.protocol))&&n.host===r.host&&l.activeElement===s&&(d.top.location.href=t.value))}},d.addEventListener(\"message\",d.wp.receiveEmbedMessage,!1),l.addEventListener(\"DOMContentLoaded\",function(){for(var e,t,s=l.querySelectorAll(\"iframe.wp-embedded-content\"),r=0;r<s.length;r++)(t=(e=s[r]).getAttribute(\"data-secret\"))||(t=Math.random().toString(36).substring(2,12),e.src+=\"#?secret=\"+t,e.setAttribute(\"data-secret\",t)),e.contentWindow.postMessage({message:\"ready\",secret:t},\"*\")},!1)))}(window,document);\n\/\/# sourceURL=https:\/\/www.eldiariodetucuman.com\/web\/wp-includes\/js\/wp-embed.min.js\n\/* ]]> *\/\n<\/script>\n","thumbnail_url":"https:\/\/www.eldiariodetucuman.com\/web\/wp-content\/uploads\/2016\/06\/Aranguren-200.jpg","thumbnail_width":642,"thumbnail_height":366,"description":"Los defensores del Pueblo de todo el pa\u00eds se reunir\u00e1n en la tarde de este mi\u00e9rcoles con el ministro de Energ\u00eda de la Naci\u00f3n, Juan Jos\u00e9 Aranguren, para analizar el impacto generado por el aumento en las tarifas de gas."}