{"version":"1.0","provider_name":"El Diario de Tucuman","provider_url":"https:\/\/www.eldiariodetucuman.com\/web","title":"Declaran pr\u00f3fugo al intendente chaque\u00f1o Lorenzo Heffner - El Diario de Tucuman","type":"rich","width":600,"height":338,"html":"<blockquote class=\"wp-embedded-content\" data-secret=\"JGfxfCvCrC\"><a href=\"https:\/\/www.eldiariodetucuman.com\/web\/declaran-profugo-al-intendente-chaqueno-lorenzo-heffner\/\">Declaran pr\u00f3fugo al intendente chaque\u00f1o Lorenzo Heffner<\/a><\/blockquote><iframe sandbox=\"allow-scripts\" security=\"restricted\" src=\"https:\/\/www.eldiariodetucuman.com\/web\/declaran-profugo-al-intendente-chaqueno-lorenzo-heffner\/embed\/#?secret=JGfxfCvCrC\" width=\"600\" height=\"338\" title=\"\u00abDeclaran pr\u00f3fugo al intendente chaque\u00f1o Lorenzo Heffner\u00bb \u2014 El Diario de Tucuman\" data-secret=\"JGfxfCvCrC\" frameborder=\"0\" marginwidth=\"0\" marginheight=\"0\" scrolling=\"no\" class=\"wp-embedded-content\"><\/iframe><script type=\"text\/javascript\">\n\/* <![CDATA[ *\/\n\/*! This file is auto-generated *\/\n!function(d,l){\"use strict\";l.querySelector&&d.addEventListener&&\"undefined\"!=typeof URL&&(d.wp=d.wp||{},d.wp.receiveEmbedMessage||(d.wp.receiveEmbedMessage=function(e){var t=e.data;if((t||t.secret||t.message||t.value)&&!\/[^a-zA-Z0-9]\/.test(t.secret)){for(var s,r,n,a=l.querySelectorAll('iframe[data-secret=\"'+t.secret+'\"]'),o=l.querySelectorAll('blockquote[data-secret=\"'+t.secret+'\"]'),c=new RegExp(\"^https?:$\",\"i\"),i=0;i<o.length;i++)o[i].style.display=\"none\";for(i=0;i<a.length;i++)s=a[i],e.source===s.contentWindow&&(s.removeAttribute(\"style\"),\"height\"===t.message?(1e3<(r=parseInt(t.value,10))?r=1e3:~~r<200&&(r=200),s.height=r):\"link\"===t.message&&(r=new URL(s.getAttribute(\"src\")),n=new URL(t.value),c.test(n.protocol))&&n.host===r.host&&l.activeElement===s&&(d.top.location.href=t.value))}},d.addEventListener(\"message\",d.wp.receiveEmbedMessage,!1),l.addEventListener(\"DOMContentLoaded\",function(){for(var e,t,s=l.querySelectorAll(\"iframe.wp-embedded-content\"),r=0;r<s.length;r++)(t=(e=s[r]).getAttribute(\"data-secret\"))||(t=Math.random().toString(36).substring(2,12),e.src+=\"#?secret=\"+t,e.setAttribute(\"data-secret\",t)),e.contentWindow.postMessage({message:\"ready\",secret:t},\"*\")},!1)))}(window,document);\n\/\/# sourceURL=https:\/\/www.eldiariodetucuman.com\/web\/wp-includes\/js\/wp-embed.min.js\n\/* ]]> *\/\n<\/script>\n","thumbnail_url":"https:\/\/www.eldiariodetucuman.com\/web\/wp-content\/uploads\/2018\/08\/99564dcb0e73938f9b8edf36485d3ef1.jpeg","thumbnail_width":960,"thumbnail_height":537,"description":"\u00a0La Justicia Federal declar\u00f3 como pr\u00f3fugos al intendente del distrito chaque\u00f1o de Villa R\u00edo Bermejito, Lorenzo Heffner, y su ex secretario de Gobierno Jos\u00e9 Hipperdinger, que tienen un pedido de detenci\u00f3n en una causa por presunto lavado de dinero. \u00a0El juez federal Aldo Alurralde libr\u00f3 el \u00faltimo viernes una orden de detenci\u00f3n para el intendente [&hellip;]"}