{"version":"1.0","provider_name":"El Diario de Tucuman","provider_url":"https:\/\/www.eldiariodetucuman.com\/web","title":"Ctera tambi\u00e9n se adhiere al paro de mujeres - El Diario de Tucuman","type":"rich","width":600,"height":338,"html":"<blockquote class=\"wp-embedded-content\" data-secret=\"Z8Y7V58wbd\"><a href=\"https:\/\/www.eldiariodetucuman.com\/web\/ctera-tambien-se-adhiere-al-paro-de-mujeres\/\">Ctera tambi\u00e9n se adhiere al paro de mujeres<\/a><\/blockquote><iframe sandbox=\"allow-scripts\" security=\"restricted\" src=\"https:\/\/www.eldiariodetucuman.com\/web\/ctera-tambien-se-adhiere-al-paro-de-mujeres\/embed\/#?secret=Z8Y7V58wbd\" width=\"600\" height=\"338\" title=\"\u00abCtera tambi\u00e9n se adhiere al paro de mujeres\u00bb \u2014 El Diario de Tucuman\" data-secret=\"Z8Y7V58wbd\" frameborder=\"0\" marginwidth=\"0\" marginheight=\"0\" scrolling=\"no\" class=\"wp-embedded-content\"><\/iframe><script type=\"text\/javascript\">\n\/* <![CDATA[ *\/\n\/*! This file is auto-generated *\/\n!function(d,l){\"use strict\";l.querySelector&&d.addEventListener&&\"undefined\"!=typeof URL&&(d.wp=d.wp||{},d.wp.receiveEmbedMessage||(d.wp.receiveEmbedMessage=function(e){var t=e.data;if((t||t.secret||t.message||t.value)&&!\/[^a-zA-Z0-9]\/.test(t.secret)){for(var s,r,n,a=l.querySelectorAll('iframe[data-secret=\"'+t.secret+'\"]'),o=l.querySelectorAll('blockquote[data-secret=\"'+t.secret+'\"]'),c=new RegExp(\"^https?:$\",\"i\"),i=0;i<o.length;i++)o[i].style.display=\"none\";for(i=0;i<a.length;i++)s=a[i],e.source===s.contentWindow&&(s.removeAttribute(\"style\"),\"height\"===t.message?(1e3<(r=parseInt(t.value,10))?r=1e3:~~r<200&&(r=200),s.height=r):\"link\"===t.message&&(r=new URL(s.getAttribute(\"src\")),n=new URL(t.value),c.test(n.protocol))&&n.host===r.host&&l.activeElement===s&&(d.top.location.href=t.value))}},d.addEventListener(\"message\",d.wp.receiveEmbedMessage,!1),l.addEventListener(\"DOMContentLoaded\",function(){for(var e,t,s=l.querySelectorAll(\"iframe.wp-embedded-content\"),r=0;r<s.length;r++)(t=(e=s[r]).getAttribute(\"data-secret\"))||(t=Math.random().toString(36).substring(2,12),e.src+=\"#?secret=\"+t,e.setAttribute(\"data-secret\",t)),e.contentWindow.postMessage({message:\"ready\",secret:t},\"*\")},!1)))}(window,document);\n\/\/# sourceURL=https:\/\/www.eldiariodetucuman.com\/web\/wp-includes\/js\/wp-embed.min.js\n\/* ]]> *\/\n<\/script>\n","thumbnail_url":"https:\/\/www.eldiariodetucuman.com\/web\/wp-content\/uploads\/2018\/03\/8f1963b4d003b942ea3bc6734697f5c2.jpeg","thumbnail_width":960,"thumbnail_height":642,"description":"El nuevo paro internacional de mujeres que se realizar\u00e1 el pr\u00f3ximo 8 de marzo y que promete volver a inundar las calles de las principales ciudades con mensajes de igualdad de g\u00e9nero, contar\u00e1 con la adhesi\u00f3n de la Confederaci\u00f3n de Trabajadores de la Educaci\u00f3n (Ctera).\u00a0 De esta manera, la agrupaci\u00f3n que nuclea a gran parte [&hellip;]"}