{"version":"1.0","provider_name":"El Diario de Tucuman","provider_url":"https:\/\/www.eldiariodetucuman.com\/web","title":"Condenaron a Maduro a 18 a\u00f1os de c\u00e1rcel - El Diario de Tucuman","type":"rich","width":600,"height":338,"html":"<blockquote class=\"wp-embedded-content\" data-secret=\"ONe5pIYyNT\"><a href=\"https:\/\/www.eldiariodetucuman.com\/web\/condenaron-a-maduro-a-18-anos-de-carcel\/\">Condenaron a Maduro a 18 a\u00f1os de c\u00e1rcel<\/a><\/blockquote><iframe sandbox=\"allow-scripts\" security=\"restricted\" src=\"https:\/\/www.eldiariodetucuman.com\/web\/condenaron-a-maduro-a-18-anos-de-carcel\/embed\/#?secret=ONe5pIYyNT\" width=\"600\" height=\"338\" title=\"\u00abCondenaron a Maduro a 18 a\u00f1os de c\u00e1rcel\u00bb \u2014 El Diario de Tucuman\" data-secret=\"ONe5pIYyNT\" frameborder=\"0\" marginwidth=\"0\" marginheight=\"0\" scrolling=\"no\" class=\"wp-embedded-content\"><\/iframe><script type=\"text\/javascript\">\n\/* <![CDATA[ *\/\n\/*! This file is auto-generated *\/\n!function(d,l){\"use strict\";l.querySelector&&d.addEventListener&&\"undefined\"!=typeof URL&&(d.wp=d.wp||{},d.wp.receiveEmbedMessage||(d.wp.receiveEmbedMessage=function(e){var t=e.data;if((t||t.secret||t.message||t.value)&&!\/[^a-zA-Z0-9]\/.test(t.secret)){for(var s,r,n,a=l.querySelectorAll('iframe[data-secret=\"'+t.secret+'\"]'),o=l.querySelectorAll('blockquote[data-secret=\"'+t.secret+'\"]'),c=new RegExp(\"^https?:$\",\"i\"),i=0;i<o.length;i++)o[i].style.display=\"none\";for(i=0;i<a.length;i++)s=a[i],e.source===s.contentWindow&&(s.removeAttribute(\"style\"),\"height\"===t.message?(1e3<(r=parseInt(t.value,10))?r=1e3:~~r<200&&(r=200),s.height=r):\"link\"===t.message&&(r=new URL(s.getAttribute(\"src\")),n=new URL(t.value),c.test(n.protocol))&&n.host===r.host&&l.activeElement===s&&(d.top.location.href=t.value))}},d.addEventListener(\"message\",d.wp.receiveEmbedMessage,!1),l.addEventListener(\"DOMContentLoaded\",function(){for(var e,t,s=l.querySelectorAll(\"iframe.wp-embedded-content\"),r=0;r<s.length;r++)(t=(e=s[r]).getAttribute(\"data-secret\"))||(t=Math.random().toString(36).substring(2,12),e.src+=\"#?secret=\"+t,e.setAttribute(\"data-secret\",t)),e.contentWindow.postMessage({message:\"ready\",secret:t},\"*\")},!1)))}(window,document);\n\/\/# sourceURL=https:\/\/www.eldiariodetucuman.com\/web\/wp-includes\/js\/wp-embed.min.js\n\/* ]]> *\/\n<\/script>\n","description":"El Tribunal Supremo de Justicia (TSJ) venezolano conden\u00f3, desde el exilio, al presidente Nicol\u00e1s Maduro a 18 a\u00f1os y tres meses de prisi\u00f3n por hechos de corrupci\u00f3n vinculados con la constructora brasile\u00f1a Odebrecht. Adem\u00e1s, le orden\u00f3 el pago de 35 millones de d\u00f3lares como resarcimiento al Estado y lo inhabilit\u00f3 para ejercer cargos p\u00fablicos. El [&hellip;]","thumbnail_url":"https:\/\/www.cronica.com.ar\/export\/sites\/cronica\/img\/2018\/08\/16\/afp_maduro_1.jpg_174195295.jpg"}